{"id":474,"date":"2017-02-07T17:13:37","date_gmt":"2017-02-07T17:13:37","guid":{"rendered":"http:\/\/agustiniano75.net\/?page_id=474"},"modified":"2017-10-18T20:59:05","modified_gmt":"2017-10-18T20:59:05","slug":"encuentros-de-cuchachos","status":"publish","type":"page","link":"https:\/\/agustiniano75.net\/?page_id=474","title":{"rendered":"Encuentros de Cuchachos"},"content":{"rendered":"<figure id=\"attachment_1787\" aria-describedby=\"caption-attachment-1787\" style=\"width: 459px\" class=\"wp-caption aligncenter\"><img loading=\"lazy\" decoding=\"async\" class=\"size-full wp-image-1787\" src=\"http:\/\/agustiniano75.net\/wp-content\/uploads\/2017\/02\/naranjo_herberg2.jpg\" alt=\"\" width=\"459\" height=\"704\" srcset=\"https:\/\/agustiniano75.net\/wp-content\/uploads\/2017\/02\/naranjo_herberg2.jpg 459w, https:\/\/agustiniano75.net\/wp-content\/uploads\/2017\/02\/naranjo_herberg2-196x300.jpg 196w, https:\/\/agustiniano75.net\/wp-content\/uploads\/2017\/02\/naranjo_herberg2-100x153.jpg 100w, https:\/\/agustiniano75.net\/wp-content\/uploads\/2017\/02\/naranjo_herberg2-150x230.jpg 150w, https:\/\/agustiniano75.net\/wp-content\/uploads\/2017\/02\/naranjo_herberg2-200x307.jpg 200w, https:\/\/agustiniano75.net\/wp-content\/uploads\/2017\/02\/naranjo_herberg2-300x460.jpg 300w, https:\/\/agustiniano75.net\/wp-content\/uploads\/2017\/02\/naranjo_herberg2-450x690.jpg 450w\" sizes=\"auto, (max-width: 459px) 100vw, 459px\" \/><figcaption id=\"caption-attachment-1787\" class=\"wp-caption-text\">Octubre 16 -2017 &#8211; Visita de Naranjo a Monteria<\/figcaption><\/figure>\n<figure id=\"attachment_1713\" aria-describedby=\"caption-attachment-1713\" style=\"width: 900px\" class=\"wp-caption aligncenter\"><img loading=\"lazy\" decoding=\"async\" class=\"size-full wp-image-1713\" src=\"http:\/\/agustiniano75.net\/wp-content\/uploads\/2017\/02\/18082017-Picada-Fontibon-02.jpg\" alt=\"\" width=\"900\" height=\"483\" srcset=\"https:\/\/agustiniano75.net\/wp-content\/uploads\/2017\/02\/18082017-Picada-Fontibon-02.jpg 900w, https:\/\/agustiniano75.net\/wp-content\/uploads\/2017\/02\/18082017-Picada-Fontibon-02-300x161.jpg 300w, https:\/\/agustiniano75.net\/wp-content\/uploads\/2017\/02\/18082017-Picada-Fontibon-02-768x412.jpg 768w, https:\/\/agustiniano75.net\/wp-content\/uploads\/2017\/02\/18082017-Picada-Fontibon-02-100x54.jpg 100w, https:\/\/agustiniano75.net\/wp-content\/uploads\/2017\/02\/18082017-Picada-Fontibon-02-150x81.jpg 150w, https:\/\/agustiniano75.net\/wp-content\/uploads\/2017\/02\/18082017-Picada-Fontibon-02-200x107.jpg 200w, https:\/\/agustiniano75.net\/wp-content\/uploads\/2017\/02\/18082017-Picada-Fontibon-02-450x242.jpg 450w, https:\/\/agustiniano75.net\/wp-content\/uploads\/2017\/02\/18082017-Picada-Fontibon-02-600x322.jpg 600w\" sizes=\"auto, (max-width: 900px) 100vw, 900px\" \/><figcaption id=\"caption-attachment-1713\" class=\"wp-caption-text\">Agosto 18 2017 &#8211; Picada en Fontib\u00f3n<\/figcaption><\/figure>\n<figure id=\"attachment_1718\" aria-describedby=\"caption-attachment-1718\" style=\"width: 900px\" class=\"wp-caption aligncenter\"><img loading=\"lazy\" decoding=\"async\" class=\"size-full wp-image-1718\" src=\"http:\/\/agustiniano75.net\/wp-content\/uploads\/2017\/02\/jul_28_wiilli-1.jpg\" alt=\"\" width=\"900\" height=\"475\" srcset=\"https:\/\/agustiniano75.net\/wp-content\/uploads\/2017\/02\/jul_28_wiilli-1.jpg 900w, https:\/\/agustiniano75.net\/wp-content\/uploads\/2017\/02\/jul_28_wiilli-1-300x158.jpg 300w, https:\/\/agustiniano75.net\/wp-content\/uploads\/2017\/02\/jul_28_wiilli-1-768x405.jpg 768w, https:\/\/agustiniano75.net\/wp-content\/uploads\/2017\/02\/jul_28_wiilli-1-100x53.jpg 100w, https:\/\/agustiniano75.net\/wp-content\/uploads\/2017\/02\/jul_28_wiilli-1-150x79.jpg 150w, https:\/\/agustiniano75.net\/wp-content\/uploads\/2017\/02\/jul_28_wiilli-1-200x106.jpg 200w, https:\/\/agustiniano75.net\/wp-content\/uploads\/2017\/02\/jul_28_wiilli-1-450x238.jpg 450w, https:\/\/agustiniano75.net\/wp-content\/uploads\/2017\/02\/jul_28_wiilli-1-600x317.jpg 600w\" sizes=\"auto, (max-width: 900px) 100vw, 900px\" \/><figcaption id=\"caption-attachment-1718\" class=\"wp-caption-text\">Julio 28 2017 &#8211; Casa de William Cadena &#8211; Pe\u00f1a, Gallego y se\u00f1ora, Gomez, Cadena, Rodrigo Sandoval y se\u00f1ora<\/figcaption><\/figure>\n<figure id=\"attachment_1720\" aria-describedby=\"caption-attachment-1720\" style=\"width: 900px\" class=\"wp-caption aligncenter\"><img loading=\"lazy\" decoding=\"async\" class=\"size-full wp-image-1720\" src=\"http:\/\/agustiniano75.net\/wp-content\/uploads\/2017\/02\/05-mayo-8-karal.jpg\" alt=\"\" width=\"900\" height=\"488\" srcset=\"https:\/\/agustiniano75.net\/wp-content\/uploads\/2017\/02\/05-mayo-8-karal.jpg 900w, https:\/\/agustiniano75.net\/wp-content\/uploads\/2017\/02\/05-mayo-8-karal-300x163.jpg 300w, https:\/\/agustiniano75.net\/wp-content\/uploads\/2017\/02\/05-mayo-8-karal-768x416.jpg 768w, https:\/\/agustiniano75.net\/wp-content\/uploads\/2017\/02\/05-mayo-8-karal-100x54.jpg 100w, https:\/\/agustiniano75.net\/wp-content\/uploads\/2017\/02\/05-mayo-8-karal-150x81.jpg 150w, https:\/\/agustiniano75.net\/wp-content\/uploads\/2017\/02\/05-mayo-8-karal-200x108.jpg 200w, https:\/\/agustiniano75.net\/wp-content\/uploads\/2017\/02\/05-mayo-8-karal-450x244.jpg 450w, https:\/\/agustiniano75.net\/wp-content\/uploads\/2017\/02\/05-mayo-8-karal-600x325.jpg 600w\" sizes=\"auto, (max-width: 900px) 100vw, 900px\" \/><figcaption id=\"caption-attachment-1720\" class=\"wp-caption-text\">Mayo 08 2017 &#8211; Restaurante de Luis Rinc\u00f3n (Karal)<\/figcaption><\/figure>\n<figure id=\"attachment_1722\" aria-describedby=\"caption-attachment-1722\" style=\"width: 900px\" class=\"wp-caption aligncenter\"><img loading=\"lazy\" decoding=\"async\" class=\"size-full wp-image-1722\" src=\"http:\/\/agustiniano75.net\/wp-content\/uploads\/2017\/02\/abril-28-Quinta-Paredes.jpg\" alt=\"\" width=\"900\" height=\"517\" srcset=\"https:\/\/agustiniano75.net\/wp-content\/uploads\/2017\/02\/abril-28-Quinta-Paredes.jpg 900w, https:\/\/agustiniano75.net\/wp-content\/uploads\/2017\/02\/abril-28-Quinta-Paredes-300x172.jpg 300w, https:\/\/agustiniano75.net\/wp-content\/uploads\/2017\/02\/abril-28-Quinta-Paredes-768x441.jpg 768w, https:\/\/agustiniano75.net\/wp-content\/uploads\/2017\/02\/abril-28-Quinta-Paredes-100x57.jpg 100w, https:\/\/agustiniano75.net\/wp-content\/uploads\/2017\/02\/abril-28-Quinta-Paredes-150x86.jpg 150w, https:\/\/agustiniano75.net\/wp-content\/uploads\/2017\/02\/abril-28-Quinta-Paredes-200x115.jpg 200w, https:\/\/agustiniano75.net\/wp-content\/uploads\/2017\/02\/abril-28-Quinta-Paredes-450x259.jpg 450w, https:\/\/agustiniano75.net\/wp-content\/uploads\/2017\/02\/abril-28-Quinta-Paredes-600x345.jpg 600w\" sizes=\"auto, (max-width: 900px) 100vw, 900px\" \/><figcaption id=\"caption-attachment-1722\" class=\"wp-caption-text\">Abril 28 2017 &#8211; Restaurante en Quinta Paredes<\/figcaption><\/figure>\n<figure id=\"attachment_1724\" aria-describedby=\"caption-attachment-1724\" style=\"width: 900px\" class=\"wp-caption aligncenter\"><img loading=\"lazy\" decoding=\"async\" class=\"size-full wp-image-1724\" src=\"http:\/\/agustiniano75.net\/wp-content\/uploads\/2017\/02\/Abril-25-2017-farfan.jpg\" alt=\"\" width=\"900\" height=\"533\" srcset=\"https:\/\/agustiniano75.net\/wp-content\/uploads\/2017\/02\/Abril-25-2017-farfan.jpg 900w, https:\/\/agustiniano75.net\/wp-content\/uploads\/2017\/02\/Abril-25-2017-farfan-300x178.jpg 300w, https:\/\/agustiniano75.net\/wp-content\/uploads\/2017\/02\/Abril-25-2017-farfan-768x455.jpg 768w, https:\/\/agustiniano75.net\/wp-content\/uploads\/2017\/02\/Abril-25-2017-farfan-100x59.jpg 100w, https:\/\/agustiniano75.net\/wp-content\/uploads\/2017\/02\/Abril-25-2017-farfan-150x89.jpg 150w, https:\/\/agustiniano75.net\/wp-content\/uploads\/2017\/02\/Abril-25-2017-farfan-200x118.jpg 200w, https:\/\/agustiniano75.net\/wp-content\/uploads\/2017\/02\/Abril-25-2017-farfan-450x267.jpg 450w, https:\/\/agustiniano75.net\/wp-content\/uploads\/2017\/02\/Abril-25-2017-farfan-600x355.jpg 600w\" sizes=\"auto, (max-width: 900px) 100vw, 900px\" \/><figcaption id=\"caption-attachment-1724\" class=\"wp-caption-text\">Abril 25 2017 &#8211; Marco Paipilla y Mario Orteg\u00f3n visitando a Jaime Farf\u00e1n<\/figcaption><\/figure>\n<figure id=\"attachment_1726\" aria-describedby=\"caption-attachment-1726\" style=\"width: 900px\" class=\"wp-caption aligncenter\"><img loading=\"lazy\" decoding=\"async\" class=\"size-full wp-image-1726\" src=\"http:\/\/agustiniano75.net\/wp-content\/uploads\/2017\/02\/Abril-23-2017-navarrete.jpg\" alt=\"\" width=\"900\" height=\"375\" srcset=\"https:\/\/agustiniano75.net\/wp-content\/uploads\/2017\/02\/Abril-23-2017-navarrete.jpg 900w, https:\/\/agustiniano75.net\/wp-content\/uploads\/2017\/02\/Abril-23-2017-navarrete-300x125.jpg 300w, https:\/\/agustiniano75.net\/wp-content\/uploads\/2017\/02\/Abril-23-2017-navarrete-768x320.jpg 768w, https:\/\/agustiniano75.net\/wp-content\/uploads\/2017\/02\/Abril-23-2017-navarrete-100x42.jpg 100w, https:\/\/agustiniano75.net\/wp-content\/uploads\/2017\/02\/Abril-23-2017-navarrete-150x63.jpg 150w, https:\/\/agustiniano75.net\/wp-content\/uploads\/2017\/02\/Abril-23-2017-navarrete-200x83.jpg 200w, https:\/\/agustiniano75.net\/wp-content\/uploads\/2017\/02\/Abril-23-2017-navarrete-450x188.jpg 450w, https:\/\/agustiniano75.net\/wp-content\/uploads\/2017\/02\/Abril-23-2017-navarrete-600x250.jpg 600w\" sizes=\"auto, (max-width: 900px) 100vw, 900px\" \/><figcaption id=\"caption-attachment-1726\" class=\"wp-caption-text\">Abril 23 2017 &#8211; En casa de Miguel Navarrete<\/figcaption><\/figure>\n<figure id=\"attachment_1734\" aria-describedby=\"caption-attachment-1734\" style=\"width: 900px\" class=\"wp-caption aligncenter\"><a href=\"http:\/\/agustiniano75.net\/?page_id=1759\"><img loading=\"lazy\" decoding=\"async\" class=\"size-full wp-image-1734\" src=\"http:\/\/agustiniano75.net\/wp-content\/uploads\/2017\/02\/tasca_01-2.jpg\" alt=\"\" width=\"900\" height=\"524\" srcset=\"https:\/\/agustiniano75.net\/wp-content\/uploads\/2017\/02\/tasca_01-2.jpg 900w, https:\/\/agustiniano75.net\/wp-content\/uploads\/2017\/02\/tasca_01-2-300x175.jpg 300w, https:\/\/agustiniano75.net\/wp-content\/uploads\/2017\/02\/tasca_01-2-768x447.jpg 768w, https:\/\/agustiniano75.net\/wp-content\/uploads\/2017\/02\/tasca_01-2-100x58.jpg 100w, https:\/\/agustiniano75.net\/wp-content\/uploads\/2017\/02\/tasca_01-2-150x87.jpg 150w, https:\/\/agustiniano75.net\/wp-content\/uploads\/2017\/02\/tasca_01-2-200x116.jpg 200w, https:\/\/agustiniano75.net\/wp-content\/uploads\/2017\/02\/tasca_01-2-450x262.jpg 450w, https:\/\/agustiniano75.net\/wp-content\/uploads\/2017\/02\/tasca_01-2-600x349.jpg 600w\" sizes=\"auto, (max-width: 900px) 100vw, 900px\" \/><\/a><figcaption id=\"caption-attachment-1734\" class=\"wp-caption-text\"><em><span style=\"color: #ff0000;\">Click aqu\u00ed<\/span><\/em><br \/> Abril 04 2017 &#8211; En la Tasca de Navarra (Miguel Navarrete) &#8211; Celebraci\u00f3n de los cumplea\u00f1os de Abril (Galer\u00eda)<\/figcaption><\/figure>\n<figure id=\"attachment_1732\" aria-describedby=\"caption-attachment-1732\" style=\"width: 900px\" class=\"wp-caption aligncenter\"><a href=\"http:\/\/agustiniano75.net\/?page_id=1747\"><img loading=\"lazy\" decoding=\"async\" class=\"size-full wp-image-1732\" src=\"http:\/\/agustiniano75.net\/wp-content\/uploads\/2017\/02\/sas_01.jpg\" alt=\"\" width=\"900\" height=\"596\" srcset=\"https:\/\/agustiniano75.net\/wp-content\/uploads\/2017\/02\/sas_01.jpg 900w, https:\/\/agustiniano75.net\/wp-content\/uploads\/2017\/02\/sas_01-300x199.jpg 300w, https:\/\/agustiniano75.net\/wp-content\/uploads\/2017\/02\/sas_01-768x509.jpg 768w, https:\/\/agustiniano75.net\/wp-content\/uploads\/2017\/02\/sas_01-100x66.jpg 100w, https:\/\/agustiniano75.net\/wp-content\/uploads\/2017\/02\/sas_01-150x99.jpg 150w, https:\/\/agustiniano75.net\/wp-content\/uploads\/2017\/02\/sas_01-200x132.jpg 200w, https:\/\/agustiniano75.net\/wp-content\/uploads\/2017\/02\/sas_01-450x298.jpg 450w, https:\/\/agustiniano75.net\/wp-content\/uploads\/2017\/02\/sas_01-600x397.jpg 600w\" sizes=\"auto, (max-width: 900px) 100vw, 900px\" \/><\/a><figcaption id=\"caption-attachment-1732\" class=\"wp-caption-text\"><br \/><em><span style=\"color: #ff0000;\">Click aqu\u00ed<\/span><\/em><br \/>Marzo 04 2017 &#8211; En la finca de Mauricio Gallego en Sasaima (Galer\u00eda)<\/figcaption><\/figure>\n<figure id=\"attachment_1629\" aria-describedby=\"caption-attachment-1629\" style=\"width: 900px\" class=\"wp-caption aligncenter\"><img loading=\"lazy\" decoding=\"async\" class=\"size-full wp-image-1629\" src=\"http:\/\/agustiniano75.net\/wp-content\/uploads\/2017\/02\/Feb-17-2017-Fontibon.jpg\" alt=\"Feb 17 2017 Fontibon\" width=\"900\" height=\"516\" srcset=\"https:\/\/agustiniano75.net\/wp-content\/uploads\/2017\/02\/Feb-17-2017-Fontibon.jpg 900w, https:\/\/agustiniano75.net\/wp-content\/uploads\/2017\/02\/Feb-17-2017-Fontibon-300x172.jpg 300w, https:\/\/agustiniano75.net\/wp-content\/uploads\/2017\/02\/Feb-17-2017-Fontibon-768x440.jpg 768w, https:\/\/agustiniano75.net\/wp-content\/uploads\/2017\/02\/Feb-17-2017-Fontibon-100x57.jpg 100w, https:\/\/agustiniano75.net\/wp-content\/uploads\/2017\/02\/Feb-17-2017-Fontibon-150x86.jpg 150w, https:\/\/agustiniano75.net\/wp-content\/uploads\/2017\/02\/Feb-17-2017-Fontibon-200x115.jpg 200w, https:\/\/agustiniano75.net\/wp-content\/uploads\/2017\/02\/Feb-17-2017-Fontibon-450x258.jpg 450w, https:\/\/agustiniano75.net\/wp-content\/uploads\/2017\/02\/Feb-17-2017-Fontibon-600x344.jpg 600w\" sizes=\"auto, (max-width: 900px) 100vw, 900px\" \/><figcaption id=\"caption-attachment-1629\" class=\"wp-caption-text\">Feb 17 2017 Fontibon &#8211; Restaurante Peruano<\/figcaption><\/figure>\n<figure id=\"attachment_1626\" aria-describedby=\"caption-attachment-1626\" style=\"width: 500px\" class=\"wp-caption alignleft\"><img loading=\"lazy\" decoding=\"async\" class=\"size-full wp-image-1626\" src=\"http:\/\/agustiniano75.net\/wp-content\/uploads\/2017\/02\/Ene-2017-Edilberto-William-Melgar.jpg\" alt=\"Ene 2017 Edilberto- William Melgar\" width=\"500\" height=\"812\" srcset=\"https:\/\/agustiniano75.net\/wp-content\/uploads\/2017\/02\/Ene-2017-Edilberto-William-Melgar.jpg 500w, https:\/\/agustiniano75.net\/wp-content\/uploads\/2017\/02\/Ene-2017-Edilberto-William-Melgar-185x300.jpg 185w, https:\/\/agustiniano75.net\/wp-content\/uploads\/2017\/02\/Ene-2017-Edilberto-William-Melgar-100x162.jpg 100w, https:\/\/agustiniano75.net\/wp-content\/uploads\/2017\/02\/Ene-2017-Edilberto-William-Melgar-150x244.jpg 150w, https:\/\/agustiniano75.net\/wp-content\/uploads\/2017\/02\/Ene-2017-Edilberto-William-Melgar-200x325.jpg 200w, https:\/\/agustiniano75.net\/wp-content\/uploads\/2017\/02\/Ene-2017-Edilberto-William-Melgar-300x487.jpg 300w, https:\/\/agustiniano75.net\/wp-content\/uploads\/2017\/02\/Ene-2017-Edilberto-William-Melgar-450x731.jpg 450w\" sizes=\"auto, (max-width: 500px) 100vw, 500px\" \/><figcaption id=\"caption-attachment-1626\" class=\"wp-caption-text\">Ene 2017 Edilberto- William Melgar<\/figcaption><\/figure>\n<figure id=\"attachment_1627\" aria-describedby=\"caption-attachment-1627\" style=\"width: 500px\" class=\"wp-caption alignleft\"><img loading=\"lazy\" decoding=\"async\" class=\"size-full wp-image-1627\" src=\"http:\/\/agustiniano75.net\/wp-content\/uploads\/2017\/02\/02-Feb-2017-Luis-Rincon.jpg\" alt=\"Feb 2017 Luis Rincon - Jairo Gomez\" width=\"500\" height=\"812\" srcset=\"https:\/\/agustiniano75.net\/wp-content\/uploads\/2017\/02\/02-Feb-2017-Luis-Rincon.jpg 500w, https:\/\/agustiniano75.net\/wp-content\/uploads\/2017\/02\/02-Feb-2017-Luis-Rincon-185x300.jpg 185w, https:\/\/agustiniano75.net\/wp-content\/uploads\/2017\/02\/02-Feb-2017-Luis-Rincon-100x162.jpg 100w, https:\/\/agustiniano75.net\/wp-content\/uploads\/2017\/02\/02-Feb-2017-Luis-Rincon-150x244.jpg 150w, https:\/\/agustiniano75.net\/wp-content\/uploads\/2017\/02\/02-Feb-2017-Luis-Rincon-200x325.jpg 200w, https:\/\/agustiniano75.net\/wp-content\/uploads\/2017\/02\/02-Feb-2017-Luis-Rincon-300x487.jpg 300w, https:\/\/agustiniano75.net\/wp-content\/uploads\/2017\/02\/02-Feb-2017-Luis-Rincon-450x731.jpg 450w\" sizes=\"auto, (max-width: 500px) 100vw, 500px\" \/><figcaption id=\"caption-attachment-1627\" class=\"wp-caption-text\">Feb 2017 Luis Rincon &#8211; Jairo Gomez<\/figcaption><\/figure>\n<figure id=\"attachment_1623\" aria-describedby=\"caption-attachment-1623\" style=\"width: 900px\" class=\"wp-caption aligncenter\"><img loading=\"lazy\" decoding=\"async\" class=\"size-full wp-image-1623\" src=\"http:\/\/agustiniano75.net\/wp-content\/uploads\/2017\/02\/En-la-tasca-de-navarra-dic-10-2016.jpg\" alt=\"En la Tasca de Navarra dic 10 2016\" width=\"900\" height=\"506\" srcset=\"https:\/\/agustiniano75.net\/wp-content\/uploads\/2017\/02\/En-la-tasca-de-navarra-dic-10-2016.jpg 900w, https:\/\/agustiniano75.net\/wp-content\/uploads\/2017\/02\/En-la-tasca-de-navarra-dic-10-2016-300x169.jpg 300w, https:\/\/agustiniano75.net\/wp-content\/uploads\/2017\/02\/En-la-tasca-de-navarra-dic-10-2016-768x432.jpg 768w, https:\/\/agustiniano75.net\/wp-content\/uploads\/2017\/02\/En-la-tasca-de-navarra-dic-10-2016-100x56.jpg 100w, https:\/\/agustiniano75.net\/wp-content\/uploads\/2017\/02\/En-la-tasca-de-navarra-dic-10-2016-150x84.jpg 150w, https:\/\/agustiniano75.net\/wp-content\/uploads\/2017\/02\/En-la-tasca-de-navarra-dic-10-2016-200x112.jpg 200w, https:\/\/agustiniano75.net\/wp-content\/uploads\/2017\/02\/En-la-tasca-de-navarra-dic-10-2016-450x253.jpg 450w, https:\/\/agustiniano75.net\/wp-content\/uploads\/2017\/02\/En-la-tasca-de-navarra-dic-10-2016-600x337.jpg 600w\" sizes=\"auto, (max-width: 900px) 100vw, 900px\" \/><figcaption id=\"caption-attachment-1623\" class=\"wp-caption-text\">En la Tasca de Navarra dic 10 2016<\/figcaption><\/figure>\n<figure id=\"attachment_1516\" aria-describedby=\"caption-attachment-1516\" style=\"width: 250px\" class=\"wp-caption alignleft\"><a href=\"http:\/\/agustiniano75.net\/?page_id=1511\"><img loading=\"lazy\" decoding=\"async\" class=\"size-full wp-image-1516\" src=\"http:\/\/agustiniano75.net\/wp-content\/uploads\/2017\/02\/menu_canciller.jpg\" alt=\"\" width=\"250\" height=\"170\" srcset=\"https:\/\/agustiniano75.net\/wp-content\/uploads\/2017\/02\/menu_canciller.jpg 250w, https:\/\/agustiniano75.net\/wp-content\/uploads\/2017\/02\/menu_canciller-100x68.jpg 100w, https:\/\/agustiniano75.net\/wp-content\/uploads\/2017\/02\/menu_canciller-150x102.jpg 150w, https:\/\/agustiniano75.net\/wp-content\/uploads\/2017\/02\/menu_canciller-200x136.jpg 200w\" sizes=\"auto, (max-width: 250px) 100vw, 250px\" \/><\/a><figcaption id=\"caption-attachment-1516\" class=\"wp-caption-text\"><br \/><em><span style=\"color: #ff0000;\">Click aqu\u00ed<\/span><\/em><br \/> &#8211; (Julio &#8211; Septiembre) 2016 &#8211; Nace Mario Orteg\u00f3n, el Canciller &#8211; (Galer\u00eda)<\/figcaption><\/figure>\n<figure id=\"attachment_1548\" aria-describedby=\"caption-attachment-1548\" style=\"width: 250px\" class=\"wp-caption alignleft\"><a href=\"http:\/\/agustiniano75.net\/?page_id=666\"><img loading=\"lazy\" decoding=\"async\" class=\"size-full wp-image-1548\" src=\"http:\/\/agustiniano75.net\/wp-content\/uploads\/2017\/02\/menu_gallego.jpg\" alt=\"\" width=\"250\" height=\"170\" srcset=\"https:\/\/agustiniano75.net\/wp-content\/uploads\/2017\/02\/menu_gallego.jpg 250w, https:\/\/agustiniano75.net\/wp-content\/uploads\/2017\/02\/menu_gallego-100x68.jpg 100w, https:\/\/agustiniano75.net\/wp-content\/uploads\/2017\/02\/menu_gallego-150x102.jpg 150w, https:\/\/agustiniano75.net\/wp-content\/uploads\/2017\/02\/menu_gallego-200x136.jpg 200w\" sizes=\"auto, (max-width: 250px) 100vw, 250px\" \/><\/a><figcaption id=\"caption-attachment-1548\" class=\"wp-caption-text\"><br \/><em><span style=\"color: #ff0000;\">Click aqu\u00ed<\/span><\/em><br \/> &#8211; Julio 07 2016 &#8211; En casa de Mauricio Gallego en Tenjo &#8211; (Galer\u00eda)<\/figcaption><\/figure>\n<figure id=\"attachment_1548\" aria-describedby=\"caption-attachment-1548\" style=\"width: 250px\" class=\"wp-caption alignleft\"><a href=\"http:\/\/agustiniano75.net\/?page_id=1572\"><img loading=\"lazy\" decoding=\"async\" class=\"size-full wp-image-1576\" src=\"http:\/\/agustiniano75.net\/wp-content\/uploads\/2017\/02\/menu_cesar.jpg\" alt=\"\" width=\"250\" height=\"170\" srcset=\"https:\/\/agustiniano75.net\/wp-content\/uploads\/2017\/02\/menu_cesar.jpg 250w, https:\/\/agustiniano75.net\/wp-content\/uploads\/2017\/02\/menu_cesar-100x68.jpg 100w, https:\/\/agustiniano75.net\/wp-content\/uploads\/2017\/02\/menu_cesar-150x102.jpg 150w, https:\/\/agustiniano75.net\/wp-content\/uploads\/2017\/02\/menu_cesar-200x136.jpg 200w\" sizes=\"auto, (max-width: 250px) 100vw, 250px\" \/><\/a><figcaption id=\"caption-attachment-1548\" class=\"wp-caption-text\"><br \/><em><span style=\"color: #ff0000;\">Click aqu\u00ed<\/span><\/em><br \/>&#8211; Julio 2016 -En casa de Cesar Ni\u00f1o (Galer\u00eda)<\/figcaption><\/figure>\n<figure id=\"attachment_1598\" aria-describedby=\"caption-attachment-1598\" style=\"width: 900px\" class=\"wp-caption aligncenter\"><img loading=\"lazy\" decoding=\"async\" class=\"size-full wp-image-1598\" src=\"http:\/\/agustiniano75.net\/wp-content\/uploads\/2017\/02\/club-del-comercio.jpg\" alt=\"\" width=\"900\" height=\"530\" srcset=\"https:\/\/agustiniano75.net\/wp-content\/uploads\/2017\/02\/club-del-comercio.jpg 900w, https:\/\/agustiniano75.net\/wp-content\/uploads\/2017\/02\/club-del-comercio-300x177.jpg 300w, https:\/\/agustiniano75.net\/wp-content\/uploads\/2017\/02\/club-del-comercio-768x452.jpg 768w, https:\/\/agustiniano75.net\/wp-content\/uploads\/2017\/02\/club-del-comercio-100x59.jpg 100w, https:\/\/agustiniano75.net\/wp-content\/uploads\/2017\/02\/club-del-comercio-150x88.jpg 150w, https:\/\/agustiniano75.net\/wp-content\/uploads\/2017\/02\/club-del-comercio-200x118.jpg 200w, https:\/\/agustiniano75.net\/wp-content\/uploads\/2017\/02\/club-del-comercio-450x265.jpg 450w, https:\/\/agustiniano75.net\/wp-content\/uploads\/2017\/02\/club-del-comercio-600x353.jpg 600w\" sizes=\"auto, (max-width: 900px) 100vw, 900px\" \/><figcaption id=\"caption-attachment-1598\" class=\"wp-caption-text\">Ab ril 29 2016 &#8211; Club del Comercio &#8211; Anfitri\u00f3n Camilo Merch\u00e1n<\/figcaption><\/figure>\n<figure id=\"attachment_1476\" aria-describedby=\"caption-attachment-1476\" style=\"width: 500px\" class=\"wp-caption alignleft\"><img loading=\"lazy\" decoding=\"async\" class=\"size-full wp-image-1476\" src=\"http:\/\/agustiniano75.net\/wp-content\/uploads\/2017\/02\/Santa-Marta-dic-2015-en-la-tarde.jpg\" alt=\"\" width=\"500\" height=\"445\" srcset=\"https:\/\/agustiniano75.net\/wp-content\/uploads\/2017\/02\/Santa-Marta-dic-2015-en-la-tarde.jpg 500w, https:\/\/agustiniano75.net\/wp-content\/uploads\/2017\/02\/Santa-Marta-dic-2015-en-la-tarde-300x267.jpg 300w, https:\/\/agustiniano75.net\/wp-content\/uploads\/2017\/02\/Santa-Marta-dic-2015-en-la-tarde-100x89.jpg 100w, https:\/\/agustiniano75.net\/wp-content\/uploads\/2017\/02\/Santa-Marta-dic-2015-en-la-tarde-150x134.jpg 150w, https:\/\/agustiniano75.net\/wp-content\/uploads\/2017\/02\/Santa-Marta-dic-2015-en-la-tarde-200x178.jpg 200w, https:\/\/agustiniano75.net\/wp-content\/uploads\/2017\/02\/Santa-Marta-dic-2015-en-la-tarde-450x401.jpg 450w\" sizes=\"auto, (max-width: 500px) 100vw, 500px\" \/><figcaption id=\"caption-attachment-1476\" class=\"wp-caption-text\">Santa Marta dic 2015 &#8211; en la tarde<\/figcaption><\/figure>\n<figure id=\"attachment_1477\" aria-describedby=\"caption-attachment-1477\" style=\"width: 500px\" class=\"wp-caption alignleft\"><img loading=\"lazy\" decoding=\"async\" class=\"size-full wp-image-1477\" src=\"http:\/\/agustiniano75.net\/wp-content\/uploads\/2017\/02\/Santa-Marta-Dbre-en-la-noche.jpg\" alt=\"\" width=\"500\" height=\"445\" srcset=\"https:\/\/agustiniano75.net\/wp-content\/uploads\/2017\/02\/Santa-Marta-Dbre-en-la-noche.jpg 500w, https:\/\/agustiniano75.net\/wp-content\/uploads\/2017\/02\/Santa-Marta-Dbre-en-la-noche-300x267.jpg 300w, https:\/\/agustiniano75.net\/wp-content\/uploads\/2017\/02\/Santa-Marta-Dbre-en-la-noche-100x89.jpg 100w, https:\/\/agustiniano75.net\/wp-content\/uploads\/2017\/02\/Santa-Marta-Dbre-en-la-noche-150x134.jpg 150w, https:\/\/agustiniano75.net\/wp-content\/uploads\/2017\/02\/Santa-Marta-Dbre-en-la-noche-200x178.jpg 200w, https:\/\/agustiniano75.net\/wp-content\/uploads\/2017\/02\/Santa-Marta-Dbre-en-la-noche-450x401.jpg 450w\" sizes=\"auto, (max-width: 500px) 100vw, 500px\" \/><figcaption id=\"caption-attachment-1477\" class=\"wp-caption-text\">Santa Marta Dic 2015 &#8211; tarde en la noche&#8230;<\/figcaption><\/figure>\n<figure id=\"attachment_1472\" aria-describedby=\"caption-attachment-1472\" style=\"width: 700px\" class=\"wp-caption aligncenter\"><img loading=\"lazy\" decoding=\"async\" class=\"size-full wp-image-1472\" src=\"http:\/\/agustiniano75.net\/wp-content\/uploads\/2017\/02\/Regner-Augusto-en-Cali.jpg\" alt=\"\" width=\"700\" height=\"955\" srcset=\"https:\/\/agustiniano75.net\/wp-content\/uploads\/2017\/02\/Regner-Augusto-en-Cali.jpg 700w, https:\/\/agustiniano75.net\/wp-content\/uploads\/2017\/02\/Regner-Augusto-en-Cali-220x300.jpg 220w, https:\/\/agustiniano75.net\/wp-content\/uploads\/2017\/02\/Regner-Augusto-en-Cali-100x136.jpg 100w, https:\/\/agustiniano75.net\/wp-content\/uploads\/2017\/02\/Regner-Augusto-en-Cali-150x205.jpg 150w, https:\/\/agustiniano75.net\/wp-content\/uploads\/2017\/02\/Regner-Augusto-en-Cali-200x273.jpg 200w, https:\/\/agustiniano75.net\/wp-content\/uploads\/2017\/02\/Regner-Augusto-en-Cali-300x409.jpg 300w, https:\/\/agustiniano75.net\/wp-content\/uploads\/2017\/02\/Regner-Augusto-en-Cali-450x614.jpg 450w, https:\/\/agustiniano75.net\/wp-content\/uploads\/2017\/02\/Regner-Augusto-en-Cali-600x819.jpg 600w\" sizes=\"auto, (max-width: 700px) 100vw, 700px\" \/><figcaption id=\"caption-attachment-1472\" class=\"wp-caption-text\">Regner &#8211; Augusto en Cali<\/figcaption><\/figure>\n<figure id=\"attachment_1469\" aria-describedby=\"caption-attachment-1469\" style=\"width: 640px\" class=\"wp-caption aligncenter\"><img loading=\"lazy\" decoding=\"async\" class=\"size-full wp-image-1469\" src=\"http:\/\/agustiniano75.net\/wp-content\/uploads\/2017\/02\/Mauricio-Jorge-Dbre.jpg\" alt=\"\" width=\"640\" height=\"480\" srcset=\"https:\/\/agustiniano75.net\/wp-content\/uploads\/2017\/02\/Mauricio-Jorge-Dbre.jpg 640w, https:\/\/agustiniano75.net\/wp-content\/uploads\/2017\/02\/Mauricio-Jorge-Dbre-300x225.jpg 300w, https:\/\/agustiniano75.net\/wp-content\/uploads\/2017\/02\/Mauricio-Jorge-Dbre-100x75.jpg 100w, https:\/\/agustiniano75.net\/wp-content\/uploads\/2017\/02\/Mauricio-Jorge-Dbre-150x113.jpg 150w, https:\/\/agustiniano75.net\/wp-content\/uploads\/2017\/02\/Mauricio-Jorge-Dbre-200x150.jpg 200w, https:\/\/agustiniano75.net\/wp-content\/uploads\/2017\/02\/Mauricio-Jorge-Dbre-450x338.jpg 450w, https:\/\/agustiniano75.net\/wp-content\/uploads\/2017\/02\/Mauricio-Jorge-Dbre-600x450.jpg 600w\" sizes=\"auto, (max-width: 640px) 100vw, 640px\" \/><figcaption id=\"caption-attachment-1469\" class=\"wp-caption-text\">Mauricio Gallego &#8211; Jorge Ordo\u00f1ez &#8211; Diciembre 2015<\/figcaption><\/figure>\n<figure id=\"attachment_1468\" aria-describedby=\"caption-attachment-1468\" style=\"width: 900px\" class=\"wp-caption aligncenter\"><img loading=\"lazy\" decoding=\"async\" class=\"size-full wp-image-1468\" src=\"http:\/\/agustiniano75.net\/wp-content\/uploads\/2017\/02\/Miami-Noviembre.jpg\" alt=\"\" width=\"900\" height=\"675\" srcset=\"https:\/\/agustiniano75.net\/wp-content\/uploads\/2017\/02\/Miami-Noviembre.jpg 900w, https:\/\/agustiniano75.net\/wp-content\/uploads\/2017\/02\/Miami-Noviembre-300x225.jpg 300w, https:\/\/agustiniano75.net\/wp-content\/uploads\/2017\/02\/Miami-Noviembre-768x576.jpg 768w, https:\/\/agustiniano75.net\/wp-content\/uploads\/2017\/02\/Miami-Noviembre-100x75.jpg 100w, https:\/\/agustiniano75.net\/wp-content\/uploads\/2017\/02\/Miami-Noviembre-150x113.jpg 150w, https:\/\/agustiniano75.net\/wp-content\/uploads\/2017\/02\/Miami-Noviembre-200x150.jpg 200w, https:\/\/agustiniano75.net\/wp-content\/uploads\/2017\/02\/Miami-Noviembre-450x338.jpg 450w, https:\/\/agustiniano75.net\/wp-content\/uploads\/2017\/02\/Miami-Noviembre-600x450.jpg 600w\" sizes=\"auto, (max-width: 900px) 100vw, 900px\" \/><figcaption id=\"caption-attachment-1468\" class=\"wp-caption-text\">Mario, Jorge y Mario en Miami Noviembre 2015<\/figcaption><\/figure>\n<figure id=\"attachment_1461\" aria-describedby=\"caption-attachment-1461\" style=\"width: 900px\" class=\"wp-caption aligncenter\"><img loading=\"lazy\" decoding=\"async\" class=\"size-full wp-image-1461\" src=\"http:\/\/agustiniano75.net\/wp-content\/uploads\/2017\/02\/Mario-Herberth.jpg\" alt=\"\" width=\"900\" height=\"545\" srcset=\"https:\/\/agustiniano75.net\/wp-content\/uploads\/2017\/02\/Mario-Herberth.jpg 900w, https:\/\/agustiniano75.net\/wp-content\/uploads\/2017\/02\/Mario-Herberth-300x182.jpg 300w, https:\/\/agustiniano75.net\/wp-content\/uploads\/2017\/02\/Mario-Herberth-768x465.jpg 768w, https:\/\/agustiniano75.net\/wp-content\/uploads\/2017\/02\/Mario-Herberth-100x61.jpg 100w, https:\/\/agustiniano75.net\/wp-content\/uploads\/2017\/02\/Mario-Herberth-150x91.jpg 150w, https:\/\/agustiniano75.net\/wp-content\/uploads\/2017\/02\/Mario-Herberth-200x121.jpg 200w, https:\/\/agustiniano75.net\/wp-content\/uploads\/2017\/02\/Mario-Herberth-450x273.jpg 450w, https:\/\/agustiniano75.net\/wp-content\/uploads\/2017\/02\/Mario-Herberth-600x363.jpg 600w\" sizes=\"auto, (max-width: 900px) 100vw, 900px\" \/><figcaption id=\"caption-attachment-1461\" class=\"wp-caption-text\">Mario Navarro &#8211; Herberth Eastman<\/figcaption><\/figure>\n<figure id=\"attachment_1459\" aria-describedby=\"caption-attachment-1459\" style=\"width: 900px\" class=\"wp-caption aligncenter\"><img loading=\"lazy\" decoding=\"async\" class=\"size-full wp-image-1459\" src=\"http:\/\/agustiniano75.net\/wp-content\/uploads\/2017\/02\/Almuerzo-Diciembre-2015.jpg\" alt=\"\" width=\"900\" height=\"604\" srcset=\"https:\/\/agustiniano75.net\/wp-content\/uploads\/2017\/02\/Almuerzo-Diciembre-2015.jpg 900w, https:\/\/agustiniano75.net\/wp-content\/uploads\/2017\/02\/Almuerzo-Diciembre-2015-300x201.jpg 300w, https:\/\/agustiniano75.net\/wp-content\/uploads\/2017\/02\/Almuerzo-Diciembre-2015-768x515.jpg 768w, https:\/\/agustiniano75.net\/wp-content\/uploads\/2017\/02\/Almuerzo-Diciembre-2015-100x67.jpg 100w, https:\/\/agustiniano75.net\/wp-content\/uploads\/2017\/02\/Almuerzo-Diciembre-2015-150x101.jpg 150w, https:\/\/agustiniano75.net\/wp-content\/uploads\/2017\/02\/Almuerzo-Diciembre-2015-200x134.jpg 200w, https:\/\/agustiniano75.net\/wp-content\/uploads\/2017\/02\/Almuerzo-Diciembre-2015-450x302.jpg 450w, https:\/\/agustiniano75.net\/wp-content\/uploads\/2017\/02\/Almuerzo-Diciembre-2015-600x403.jpg 600w\" sizes=\"auto, (max-width: 900px) 100vw, 900px\" \/><figcaption id=\"caption-attachment-1459\" class=\"wp-caption-text\">Almuerzo Diciembre 2015<\/figcaption><\/figure>\n<figure id=\"attachment_1394\" aria-describedby=\"caption-attachment-1394\" style=\"width: 900px\" class=\"wp-caption aligncenter\"><img loading=\"lazy\" decoding=\"async\" class=\"size-full wp-image-1394\" src=\"http:\/\/agustiniano75.net\/wp-content\/uploads\/2017\/02\/jorge-y-edgard-en-miami.jpg\" alt=\"\" width=\"900\" height=\"565\" srcset=\"https:\/\/agustiniano75.net\/wp-content\/uploads\/2017\/02\/jorge-y-edgard-en-miami.jpg 900w, https:\/\/agustiniano75.net\/wp-content\/uploads\/2017\/02\/jorge-y-edgard-en-miami-300x188.jpg 300w, https:\/\/agustiniano75.net\/wp-content\/uploads\/2017\/02\/jorge-y-edgard-en-miami-768x482.jpg 768w, https:\/\/agustiniano75.net\/wp-content\/uploads\/2017\/02\/jorge-y-edgard-en-miami-100x63.jpg 100w, https:\/\/agustiniano75.net\/wp-content\/uploads\/2017\/02\/jorge-y-edgard-en-miami-150x94.jpg 150w, https:\/\/agustiniano75.net\/wp-content\/uploads\/2017\/02\/jorge-y-edgard-en-miami-200x126.jpg 200w, https:\/\/agustiniano75.net\/wp-content\/uploads\/2017\/02\/jorge-y-edgard-en-miami-450x283.jpg 450w, https:\/\/agustiniano75.net\/wp-content\/uploads\/2017\/02\/jorge-y-edgard-en-miami-600x377.jpg 600w\" sizes=\"auto, (max-width: 900px) 100vw, 900px\" \/><figcaption id=\"caption-attachment-1394\" class=\"wp-caption-text\">Jorge y Edgard en Miami<\/figcaption><\/figure>\n<figure id=\"attachment_1457\" aria-describedby=\"caption-attachment-1457\" style=\"width: 900px\" class=\"wp-caption aligncenter\"><img loading=\"lazy\" decoding=\"async\" class=\"size-full wp-image-1457\" src=\"http:\/\/agustiniano75.net\/wp-content\/uploads\/2017\/02\/Casa-Edgard-M.jpg\" alt=\"\" width=\"900\" height=\"595\" srcset=\"https:\/\/agustiniano75.net\/wp-content\/uploads\/2017\/02\/Casa-Edgard-M.jpg 900w, https:\/\/agustiniano75.net\/wp-content\/uploads\/2017\/02\/Casa-Edgard-M-300x198.jpg 300w, https:\/\/agustiniano75.net\/wp-content\/uploads\/2017\/02\/Casa-Edgard-M-768x508.jpg 768w, https:\/\/agustiniano75.net\/wp-content\/uploads\/2017\/02\/Casa-Edgard-M-100x66.jpg 100w, https:\/\/agustiniano75.net\/wp-content\/uploads\/2017\/02\/Casa-Edgard-M-150x99.jpg 150w, https:\/\/agustiniano75.net\/wp-content\/uploads\/2017\/02\/Casa-Edgard-M-200x132.jpg 200w, https:\/\/agustiniano75.net\/wp-content\/uploads\/2017\/02\/Casa-Edgard-M-450x298.jpg 450w, https:\/\/agustiniano75.net\/wp-content\/uploads\/2017\/02\/Casa-Edgard-M-600x397.jpg 600w\" sizes=\"auto, (max-width: 900px) 100vw, 900px\" \/><figcaption id=\"caption-attachment-1457\" class=\"wp-caption-text\">En casa Edgard Mora Diciembre 2015 &#8211; Naranjo y Valbuena<\/figcaption><\/figure>\n<figure id=\"attachment_1454\" aria-describedby=\"caption-attachment-1454\" style=\"width: 900px\" class=\"wp-caption aligncenter\"><img loading=\"lazy\" decoding=\"async\" class=\"size-full wp-image-1454\" src=\"http:\/\/agustiniano75.net\/wp-content\/uploads\/2017\/02\/casa_cesar_dic_15.jpg\" alt=\"\" width=\"900\" height=\"531\" srcset=\"https:\/\/agustiniano75.net\/wp-content\/uploads\/2017\/02\/casa_cesar_dic_15.jpg 900w, https:\/\/agustiniano75.net\/wp-content\/uploads\/2017\/02\/casa_cesar_dic_15-300x177.jpg 300w, https:\/\/agustiniano75.net\/wp-content\/uploads\/2017\/02\/casa_cesar_dic_15-768x453.jpg 768w, https:\/\/agustiniano75.net\/wp-content\/uploads\/2017\/02\/casa_cesar_dic_15-100x59.jpg 100w, https:\/\/agustiniano75.net\/wp-content\/uploads\/2017\/02\/casa_cesar_dic_15-150x89.jpg 150w, https:\/\/agustiniano75.net\/wp-content\/uploads\/2017\/02\/casa_cesar_dic_15-200x118.jpg 200w, https:\/\/agustiniano75.net\/wp-content\/uploads\/2017\/02\/casa_cesar_dic_15-450x266.jpg 450w, https:\/\/agustiniano75.net\/wp-content\/uploads\/2017\/02\/casa_cesar_dic_15-600x354.jpg 600w\" sizes=\"auto, (max-width: 900px) 100vw, 900px\" \/><figcaption id=\"caption-attachment-1454\" class=\"wp-caption-text\">En casa de Cesar Ni\u00f1o Diciembre 11 2015<\/figcaption><\/figure>\n<figure id=\"attachment_1368\" aria-describedby=\"caption-attachment-1368\" style=\"width: 900px\" class=\"wp-caption aligncenter\"><img loading=\"lazy\" decoding=\"async\" class=\"size-full wp-image-1368\" src=\"http:\/\/agustiniano75.net\/wp-content\/uploads\/2017\/02\/Jorge-Ni\u00f1o-Cumplea\u00f1os.jpg\" alt=\"\" width=\"900\" height=\"639\" srcset=\"https:\/\/agustiniano75.net\/wp-content\/uploads\/2017\/02\/Jorge-Ni\u00f1o-Cumplea\u00f1os.jpg 900w, https:\/\/agustiniano75.net\/wp-content\/uploads\/2017\/02\/Jorge-Ni\u00f1o-Cumplea\u00f1os-300x213.jpg 300w, https:\/\/agustiniano75.net\/wp-content\/uploads\/2017\/02\/Jorge-Ni\u00f1o-Cumplea\u00f1os-768x545.jpg 768w, https:\/\/agustiniano75.net\/wp-content\/uploads\/2017\/02\/Jorge-Ni\u00f1o-Cumplea\u00f1os-100x71.jpg 100w, https:\/\/agustiniano75.net\/wp-content\/uploads\/2017\/02\/Jorge-Ni\u00f1o-Cumplea\u00f1os-150x107.jpg 150w, https:\/\/agustiniano75.net\/wp-content\/uploads\/2017\/02\/Jorge-Ni\u00f1o-Cumplea\u00f1os-200x142.jpg 200w, https:\/\/agustiniano75.net\/wp-content\/uploads\/2017\/02\/Jorge-Ni\u00f1o-Cumplea\u00f1os-450x320.jpg 450w, https:\/\/agustiniano75.net\/wp-content\/uploads\/2017\/02\/Jorge-Ni\u00f1o-Cumplea\u00f1os-600x426.jpg 600w\" sizes=\"auto, (max-width: 900px) 100vw, 900px\" \/><figcaption id=\"caption-attachment-1368\" class=\"wp-caption-text\">Cumplea\u00f1os Jorge Ni\u00f1o<\/figcaption><\/figure>\n<figure id=\"attachment_475\" aria-describedby=\"caption-attachment-475\" style=\"width: 900px\" class=\"wp-caption aligncenter\"><img loading=\"lazy\" decoding=\"async\" class=\"size-full wp-image-475\" src=\"http:\/\/agustiniano75.net\/wp-content\/uploads\/2017\/02\/Nov_05_2015.jpg\" alt=\"Almuerzo Noviembre 5 - Mario Navarro, Rodrigo Vargas, \" width=\"900\" height=\"504\" srcset=\"https:\/\/agustiniano75.net\/wp-content\/uploads\/2017\/02\/Nov_05_2015.jpg 1100w, https:\/\/agustiniano75.net\/wp-content\/uploads\/2017\/02\/Nov_05_2015-300x168.jpg 300w, https:\/\/agustiniano75.net\/wp-content\/uploads\/2017\/02\/Nov_05_2015-768x431.jpg 768w, https:\/\/agustiniano75.net\/wp-content\/uploads\/2017\/02\/Nov_05_2015-1024x574.jpg 1024w, https:\/\/agustiniano75.net\/wp-content\/uploads\/2017\/02\/Nov_05_2015-100x56.jpg 100w, https:\/\/agustiniano75.net\/wp-content\/uploads\/2017\/02\/Nov_05_2015-150x84.jpg 150w, https:\/\/agustiniano75.net\/wp-content\/uploads\/2017\/02\/Nov_05_2015-200x112.jpg 200w, https:\/\/agustiniano75.net\/wp-content\/uploads\/2017\/02\/Nov_05_2015-450x252.jpg 450w, https:\/\/agustiniano75.net\/wp-content\/uploads\/2017\/02\/Nov_05_2015-600x337.jpg 600w, https:\/\/agustiniano75.net\/wp-content\/uploads\/2017\/02\/Nov_05_2015-900x505.jpg 900w\" sizes=\"auto, (max-width: 900px) 100vw, 900px\" \/><figcaption id=\"caption-attachment-475\" class=\"wp-caption-text\">Almuerzo Noviembre 5 2015<\/figcaption><\/figure>\n<figure id=\"attachment_1302\" aria-describedby=\"caption-attachment-1302\" style=\"width: 900px\" class=\"wp-caption aligncenter\"><img loading=\"lazy\" decoding=\"async\" class=\"size-full wp-image-1302\" src=\"http:\/\/agustiniano75.net\/wp-content\/uploads\/2017\/02\/Almuerzo-Octubre-1-2015.jpg\" alt=\"\" width=\"900\" height=\"675\" srcset=\"https:\/\/agustiniano75.net\/wp-content\/uploads\/2017\/02\/Almuerzo-Octubre-1-2015.jpg 900w, https:\/\/agustiniano75.net\/wp-content\/uploads\/2017\/02\/Almuerzo-Octubre-1-2015-300x225.jpg 300w, https:\/\/agustiniano75.net\/wp-content\/uploads\/2017\/02\/Almuerzo-Octubre-1-2015-768x576.jpg 768w, https:\/\/agustiniano75.net\/wp-content\/uploads\/2017\/02\/Almuerzo-Octubre-1-2015-100x75.jpg 100w, https:\/\/agustiniano75.net\/wp-content\/uploads\/2017\/02\/Almuerzo-Octubre-1-2015-150x113.jpg 150w, https:\/\/agustiniano75.net\/wp-content\/uploads\/2017\/02\/Almuerzo-Octubre-1-2015-200x150.jpg 200w, https:\/\/agustiniano75.net\/wp-content\/uploads\/2017\/02\/Almuerzo-Octubre-1-2015-450x338.jpg 450w, https:\/\/agustiniano75.net\/wp-content\/uploads\/2017\/02\/Almuerzo-Octubre-1-2015-600x450.jpg 600w\" sizes=\"auto, (max-width: 900px) 100vw, 900px\" \/><figcaption id=\"caption-attachment-1302\" class=\"wp-caption-text\">Almuerzo Octubre 1 2015<\/figcaption><\/figure>\n","protected":false},"excerpt":{"rendered":"","protected":false},"author":1,"featured_media":0,"parent":0,"menu_order":10,"comment_status":"closed","ping_status":"closed","template":"page-templates\/full-width-page.php","meta":{"ngg_post_thumbnail":0,"footnotes":""},"class_list":["post-474","page","type-page","status-publish","hentry"],"_links":{"self":[{"href":"https:\/\/agustiniano75.net\/index.php?rest_route=\/wp\/v2\/pages\/474","targetHints":{"allow":["GET"]}}],"collection":[{"href":"https:\/\/agustiniano75.net\/index.php?rest_route=\/wp\/v2\/pages"}],"about":[{"href":"https:\/\/agustiniano75.net\/index.php?rest_route=\/wp\/v2\/types\/page"}],"author":[{"embeddable":true,"href":"https:\/\/agustiniano75.net\/index.php?rest_route=\/wp\/v2\/users\/1"}],"replies":[{"embeddable":true,"href":"https:\/\/agustiniano75.net\/index.php?rest_route=%2Fwp%2Fv2%2Fcomments&post=474"}],"version-history":[{"count":0,"href":"https:\/\/agustiniano75.net\/index.php?rest_route=\/wp\/v2\/pages\/474\/revisions"}],"wp:attachment":[{"href":"https:\/\/agustiniano75.net\/index.php?rest_route=%2Fwp%2Fv2%2Fmedia&parent=474"}],"curies":[{"name":"wp","href":"https:\/\/api.w.org\/{rel}","templated":true}]}}